{"id":32,"date":"2015-11-26T15:11:54","date_gmt":"2015-11-26T14:11:54","guid":{"rendered":"http:\/\/www.rallybarcelonasitges.com\/?page_id=32"},"modified":"2026-02-05T19:32:57","modified_gmt":"2026-02-05T18:32:57","slug":"els-participants","status":"publish","type":"page","link":"https:\/\/www.rallybarcelonasitges.com\/es\/els-participants\/","title":{"rendered":"Los participantes"},"content":{"rendered":"\n<h2 class=\"wp-block-heading\">Los pilares del Rally<\/h2>\n\n\n\n<figure class=\"wp-block-table\"><table class=\"has-fixed-layout\"><tbody><tr><td class=\"has-text-align-center\" data-align=\"center\"><a href=\"https:\/\/www.rallybarcelonasitges.com\/histories-del-ralli\/#Bellmunt1\"><img loading=\"lazy\" decoding=\"async\" width=\"150\" height=\"150\" src=\"https:\/\/www.rallybarcelonasitges.com\/wp-content\/uploads\/2017\/05\/01_bellmunt_portada-150x150.gif\"><\/a><br>Joaquim Bellmunt<\/td><td class=\"has-text-align-center\" data-align=\"center\">Alfred Fortuny<\/td><td class=\"has-text-align-center\" data-align=\"center\"><img loading=\"lazy\" decoding=\"async\" width=\"300\" height=\"225\" src=\"https:\/\/www.rallybarcelonasitges.com\/wp-content\/uploads\/2023\/12\/IMG_1490-300x225.jpg\" alt=\"\"><br>Familia Arderiu<\/td><\/tr><tr><td class=\"has-text-align-center\" data-align=\"center\">Jordi Ricardo<\/td><td class=\"has-text-align-center\" data-align=\"center\">Joan Mujal<\/td><td class=\"has-text-align-center\" data-align=\"center\"><\/td><\/tr><\/tbody><\/table><\/figure>\n\n\n<p><span style=\"font-size: revert; text-align: justify; color: initial;\">Los participantes son el alma del Rally. Son los que miman los veh\u00edculos, los que los limpian y arreglan, los que est\u00e1n dispuestos a venir al Rally haga fr\u00edo o haga calor, incluso con lluvia. Son, en definitiva, los incondicionales del Rally. Aqu\u00ed podemos ver algunos de los veh\u00edculos que participaron en la \u00faltima edici\u00f3n. Pronto haremos un recopilatorio de datos interesantes y curiosos sobre los participantes y sus veh\u00edculos.<\/span><\/p>\n<p style=\"text-align: justify;\">Vuelve el Rally, para abrir la temporada de primavera en Sitges, uno de los 4 eventos con m\u00e1s renombre del calendario festivo local, y por extensi\u00f3n del mundo del coleccionista catal\u00e1n, espa\u00f1ol y de toda Europa.<\/p>\n<p style=\"text-align: justify;\">Veremos otra vez los coches y motos, el sentir de sus motores y las mec\u00e1nicas bien engordadas para superar una vez m\u00e1s, la distancia entre Barcelona y Sitges. Muchas de ellas, ya casi la mayor\u00eda, superan el centenario en cuesti\u00f3n de edad.<\/p>\n<p style=\"text-align: justify;\">Es por ello que queremos mostrar en detalle cada coche participando a trav\u00e9s de las fichas que podr\u00e9is encontrar en el cat\u00e1logo siguiendo el siguiente enlace y a trav\u00e9s de nuestro usuario de Instagram, @rallibarcelonasitges.<\/p>\n<p><strong>En la siguiente galer\u00eda se ir\u00e1n mostrando los coches a medida de su inscripci\u00f3n para la edici\u00f3n 2026<\/strong><\/p>\n\n    <div class=\"product-subcategories responsive default  per-row-3\">\n        \n\n    <div class=\"al_archive category-206 modern-grid-element blue-box ic-design \">\n        <a class=\"pseudo-a\" href=\"https:\/\/www.rallybarcelonasitges.com\/es\/products-category\/cotxes\/grup-1-fins-el-1908\/\"><\/a>\n        <div class=\"pseudo\"><\/div>\n        <a href=\"https:\/\/www.rallybarcelonasitges.com\/es\/products-category\/cotxes\/grup-1-fins-el-1908\/\"><img loading=\"lazy\" decoding=\"async\" width=\"600\" height=\"384\" src=\"https:\/\/www.rallybarcelonasitges.com\/wp-content\/uploads\/2021\/12\/categories-cataleg.-grup1-600x384.gif\" class=\"modern-grid-image\" alt=\"Grup 1. Fins el 1908\" \/>            <h3 class=\"product-name blue-box ic-design\">Grup 1. Fins el 1908<\/h3>\n        <\/a>\n    <\/div>\n\n\n\n    <div class=\"al_archive category-207 modern-grid-element blue-box ic-design \">\n        <a class=\"pseudo-a\" href=\"https:\/\/www.rallybarcelonasitges.com\/es\/products-category\/cotxes\/grup-2-des-del-1909-fins-el-1914\/\"><\/a>\n        <div class=\"pseudo\"><\/div>\n        <a href=\"https:\/\/www.rallybarcelonasitges.com\/es\/products-category\/cotxes\/grup-2-des-del-1909-fins-el-1914\/\"><img loading=\"lazy\" decoding=\"async\" width=\"600\" height=\"384\" src=\"https:\/\/www.rallybarcelonasitges.com\/wp-content\/uploads\/2021\/12\/categories-cataleg.-grup2-600x384.gif\" class=\"modern-grid-image\" alt=\"Grup 2. Des del 1909 fins el 1914\" \/>            <h3 class=\"product-name blue-box ic-design\">Grup 2. Des del 1909 fins el 1914<\/h3>\n        <\/a>\n    <\/div>\n\n\n\n    <div class=\"al_archive category-208 modern-grid-element blue-box ic-design \">\n        <a class=\"pseudo-a\" href=\"https:\/\/www.rallybarcelonasitges.com\/es\/products-category\/cotxes\/grup-3-des-del-1915-fins-el-1920\/\"><\/a>\n        <div class=\"pseudo\"><\/div>\n        <a href=\"https:\/\/www.rallybarcelonasitges.com\/es\/products-category\/cotxes\/grup-3-des-del-1915-fins-el-1920\/\"><img loading=\"lazy\" decoding=\"async\" width=\"600\" height=\"384\" src=\"https:\/\/www.rallybarcelonasitges.com\/wp-content\/uploads\/2021\/12\/categories-cataleg.-grup3-600x384.gif\" class=\"modern-grid-image\" alt=\"Grup 3. Des del 1915 fins el 1920\" \/>            <h3 class=\"product-name blue-box ic-design\">Grup 3. Des del 1915 fins el 1920<\/h3>\n        <\/a>\n    <\/div>\n\n\n\n    <div class=\"al_archive category-209 modern-grid-element blue-box ic-design \">\n        <a class=\"pseudo-a\" href=\"https:\/\/www.rallybarcelonasitges.com\/es\/products-category\/cotxes\/grup-4-des-del-1921-fins-el-1924\/\"><\/a>\n        <div class=\"pseudo\"><\/div>\n        <a href=\"https:\/\/www.rallybarcelonasitges.com\/es\/products-category\/cotxes\/grup-4-des-del-1921-fins-el-1924\/\"><img loading=\"lazy\" decoding=\"async\" width=\"600\" height=\"384\" src=\"https:\/\/www.rallybarcelonasitges.com\/wp-content\/uploads\/2021\/12\/categories-cataleg.-grup4-600x384.gif\" class=\"modern-grid-image\" alt=\"Grup 4. Des del 1921 fins el 1924\" \/>            <h3 class=\"product-name blue-box ic-design\">Grup 4. Des del 1921 fins el 1924<\/h3>\n        <\/a>\n    <\/div>\n\n\n\n    <div class=\"al_archive category-210 modern-grid-element blue-box ic-design \">\n        <a class=\"pseudo-a\" href=\"https:\/\/www.rallybarcelonasitges.com\/es\/products-category\/cotxes\/g5-25-28\/\"><\/a>\n        <div class=\"pseudo\"><\/div>\n        <a href=\"https:\/\/www.rallybarcelonasitges.com\/es\/products-category\/cotxes\/g5-25-28\/\"><img loading=\"lazy\" decoding=\"async\" width=\"600\" height=\"384\" src=\"https:\/\/www.rallybarcelonasitges.com\/wp-content\/uploads\/2021\/12\/categories-cataleg.-grup5-600x384.gif\" class=\"modern-grid-image\" alt=\"Grup 5. Des del 1925 al 1928\" \/>            <h3 class=\"product-name blue-box ic-design\">Grup 5. Des del 1925 al 1928<\/h3>\n        <\/a>\n    <\/div>\n\n\n\n    <div class=\"al_archive category-212 modern-grid-element blue-box ic-design \">\n        <a class=\"pseudo-a\" href=\"https:\/\/www.rallybarcelonasitges.com\/es\/products-category\/motos\/\"><\/a>\n        <div class=\"pseudo\"><\/div>\n        <a href=\"https:\/\/www.rallybarcelonasitges.com\/es\/products-category\/motos\/\"><img decoding=\"async\" class=\"modern-grid-image\" src=\"https:\/\/www.rallybarcelonasitges.com\/wp-content\/plugins\/post-type-x\/core\/img\/no-default-thumbnail.png\" alt=\"Motos\">            <h3 class=\"product-name blue-box ic-design\">Motos<\/h3>\n        <\/a>\n    <\/div>\n\n    <\/div>\n","protected":false},"excerpt":{"rendered":"<p>Los pilares del Rally Joaquim Bellmunt Alfred Fortuny Familia Arderiu Jordi Ricardo Joan Mujal Los participantes son el alma del Rally. Son los que miman los veh\u00edculos, los que los limpian y arreglan, los que est\u00e1n dispuestos a venir al Rally haga fr\u00edo o haga calor, incluso con lluvia. Son, en definitiva, los incondicionales del<a href=\"https:\/\/www.rallybarcelonasitges.com\/es\/els-participants\/\">[&#8230;]<\/a><\/p>\n","protected":false},"author":1,"featured_media":0,"parent":0,"menu_order":0,"comment_status":"closed","ping_status":"closed","template":"","meta":{"ngg_post_thumbnail":0,"footnotes":""},"class_list":["post-32","page","type-page","status-publish","hentry"],"translation":{"provider":"WPGlobus","version":"3.0.2","language":"es","enabled_languages":["ca","es","en","fr","it"],"languages":{"ca":{"title":true,"content":true,"excerpt":false},"es":{"title":true,"content":true,"excerpt":false},"en":{"title":true,"content":true,"excerpt":false},"fr":{"title":true,"content":true,"excerpt":false},"it":{"title":true,"content":true,"excerpt":false}}},"yoast_head":"<!-- This site is optimized with the Yoast SEO plugin v26.6 - https:\/\/yoast.com\/wordpress\/plugins\/seo\/ -->\n<title>Los participantes &#8211; Rally Internacional de Coches de \u00c9poca Barcelona - Sitges<\/title>\n<meta name=\"robots\" content=\"index, follow, max-snippet:-1, max-image-preview:large, max-video-preview:-1\" \/>\n<link rel=\"canonical\" href=\"https:\/\/www.rallybarcelonasitges.com\/els-participants\/\" \/>\n<meta property=\"og:locale\" content=\"es_ES\" \/>\n<meta property=\"og:type\" content=\"article\" \/>\n<meta property=\"og:title\" content=\"Los participantes &#8211; Rally Internacional de Coches de \u00c9poca Barcelona - Sitges\" \/>\n<meta property=\"og:url\" content=\"https:\/\/www.rallybarcelonasitges.com\/els-participants\/\" \/>\n<meta property=\"og:site_name\" content=\"Rally Internacional de Coches de \u00c9poca Barcelona - Sitges\" \/>\n<meta property=\"article:publisher\" content=\"https:\/\/www.facebook.com\/rallibarcelonasitges\/\" \/>\n<meta property=\"article:modified_time\" content=\"2026-02-05T18:32:57+00:00\" \/>\n<meta property=\"og:image\" content=\"https:\/\/www.rallybarcelonasitges.com\/wp-content\/uploads\/2017\/05\/01_bellmunt_portada-150x150.gif\" \/>\n<meta name=\"twitter:card\" content=\"summary_large_image\" \/>\n<meta name=\"twitter:site\" content=\"@FomentSitges\" \/>\n<meta name=\"twitter:label1\" content=\"Tiempo de lectura\" \/>\n\t<meta name=\"twitter:data1\" content=\"2 minutos\" \/>\n<script type=\"application\/ld+json\" class=\"yoast-schema-graph\">{\"@context\":\"https:\/\/schema.org\",\"@graph\":[{\"@type\":\"WebPage\",\"@id\":\"https:\/\/www.rallybarcelonasitges.com\/els-participants\/\",\"url\":\"https:\/\/www.rallybarcelonasitges.com\/els-participants\/\",\"name\":\"Los participantes &#8211; Rally Internacional de Coches de \u00c9poca Barcelona - Sitges\",\"isPartOf\":{\"@id\":\"https:\/\/www.rallybarcelonasitges.com\/es\/#website\"},\"primaryImageOfPage\":{\"@id\":\"https:\/\/www.rallybarcelonasitges.com\/els-participants\/#primaryimage\"},\"image\":{\"@id\":\"https:\/\/www.rallybarcelonasitges.com\/els-participants\/#primaryimage\"},\"thumbnailUrl\":\"https:\/\/www.rallybarcelonasitges.com\/wp-content\/uploads\/2017\/05\/01_bellmunt_portada-150x150.gif\",\"datePublished\":\"2015-11-26T14:11:54+00:00\",\"dateModified\":\"2026-02-05T18:32:57+00:00\",\"breadcrumb\":{\"@id\":\"https:\/\/www.rallybarcelonasitges.com\/els-participants\/#breadcrumb\"},\"inLanguage\":\"es\",\"potentialAction\":[{\"@type\":\"ReadAction\",\"target\":[\"https:\/\/www.rallybarcelonasitges.com\/els-participants\/\"]}]},{\"@type\":\"ImageObject\",\"inLanguage\":\"es\",\"@id\":\"https:\/\/www.rallybarcelonasitges.com\/els-participants\/#primaryimage\",\"url\":\"https:\/\/www.rallybarcelonasitges.com\/wp-content\/uploads\/2017\/05\/01_bellmunt_portada-150x150.gif\",\"contentUrl\":\"https:\/\/www.rallybarcelonasitges.com\/wp-content\/uploads\/2017\/05\/01_bellmunt_portada-150x150.gif\"},{\"@type\":\"BreadcrumbList\",\"@id\":\"https:\/\/www.rallybarcelonasitges.com\/els-participants\/#breadcrumb\",\"itemListElement\":[{\"@type\":\"ListItem\",\"position\":1,\"name\":\"Inici\",\"item\":\"https:\/\/www.rallybarcelonasitges.com\/es\/\"},{\"@type\":\"ListItem\",\"position\":2,\"name\":\"Los participantes\"}]},{\"@type\":\"WebSite\",\"@id\":\"https:\/\/www.rallybarcelonasitges.com\/es\/#website\",\"url\":\"https:\/\/www.rallybarcelonasitges.com\/es\/\",\"name\":\"{:ca}Ral\u00b7li Internacional de Cotxes d'\u00c8poca Barcelona - Sitges{:}{:es}Rally Internacional de Coches de \u00c9poca Barcelona - Sitges{:}{:en}International Vintage Car Rally Barcelona - Sitges{:}{:fr}Rallye international de voitures anciennes Barcelone - Sitges{:}{:it}Raduno internazionale di auto d'epoca Barcellona - Sitges{:}\",\"description\":\"P\u00e1gina oficial\",\"potentialAction\":[{\"@type\":\"SearchAction\",\"target\":{\"@type\":\"EntryPoint\",\"urlTemplate\":\"https:\/\/www.rallybarcelonasitges.com\/es\/?s={search_term_string}\"},\"query-input\":{\"@type\":\"PropertyValueSpecification\",\"valueRequired\":true,\"valueName\":\"search_term_string\"}}],\"inLanguage\":\"es\"}]}<\/script>\n<!-- \/ Yoast SEO plugin. -->","yoast_head_json":{"title":"Los participantes &#8211; Rally Internacional de Coches de \u00c9poca Barcelona - Sitges","robots":{"index":"index","follow":"follow","max-snippet":"max-snippet:-1","max-image-preview":"max-image-preview:large","max-video-preview":"max-video-preview:-1"},"canonical":"https:\/\/www.rallybarcelonasitges.com\/els-participants\/","og_locale":"es_ES","og_type":"article","og_title":"Los participantes &#8211; Rally Internacional de Coches de \u00c9poca Barcelona - Sitges","og_url":"https:\/\/www.rallybarcelonasitges.com\/els-participants\/","og_site_name":"Rally Internacional de Coches de \u00c9poca Barcelona - Sitges","article_publisher":"https:\/\/www.facebook.com\/rallibarcelonasitges\/","article_modified_time":"2026-02-05T18:32:57+00:00","og_image":[{"url":"https:\/\/www.rallybarcelonasitges.com\/wp-content\/uploads\/2017\/05\/01_bellmunt_portada-150x150.gif","type":"","width":"","height":""}],"twitter_card":"summary_large_image","twitter_site":"@FomentSitges","twitter_misc":{"Tiempo de lectura":"2 minutos"},"schema":{"@context":"https:\/\/schema.org","@graph":[{"@type":"WebPage","@id":"https:\/\/www.rallybarcelonasitges.com\/els-participants\/","url":"https:\/\/www.rallybarcelonasitges.com\/els-participants\/","name":"Los participantes &#8211; Rally Internacional de Coches de \u00c9poca Barcelona - Sitges","isPartOf":{"@id":"https:\/\/www.rallybarcelonasitges.com\/es\/#website"},"primaryImageOfPage":{"@id":"https:\/\/www.rallybarcelonasitges.com\/els-participants\/#primaryimage"},"image":{"@id":"https:\/\/www.rallybarcelonasitges.com\/els-participants\/#primaryimage"},"thumbnailUrl":"https:\/\/www.rallybarcelonasitges.com\/wp-content\/uploads\/2017\/05\/01_bellmunt_portada-150x150.gif","datePublished":"2015-11-26T14:11:54+00:00","dateModified":"2026-02-05T18:32:57+00:00","breadcrumb":{"@id":"https:\/\/www.rallybarcelonasitges.com\/els-participants\/#breadcrumb"},"inLanguage":"es","potentialAction":[{"@type":"ReadAction","target":["https:\/\/www.rallybarcelonasitges.com\/els-participants\/"]}]},{"@type":"ImageObject","inLanguage":"es","@id":"https:\/\/www.rallybarcelonasitges.com\/els-participants\/#primaryimage","url":"https:\/\/www.rallybarcelonasitges.com\/wp-content\/uploads\/2017\/05\/01_bellmunt_portada-150x150.gif","contentUrl":"https:\/\/www.rallybarcelonasitges.com\/wp-content\/uploads\/2017\/05\/01_bellmunt_portada-150x150.gif"},{"@type":"BreadcrumbList","@id":"https:\/\/www.rallybarcelonasitges.com\/els-participants\/#breadcrumb","itemListElement":[{"@type":"ListItem","position":1,"name":"Inici","item":"https:\/\/www.rallybarcelonasitges.com\/es\/"},{"@type":"ListItem","position":2,"name":"Los participantes"}]},{"@type":"WebSite","@id":"https:\/\/www.rallybarcelonasitges.com\/es\/#website","url":"https:\/\/www.rallybarcelonasitges.com\/es\/","name":"{:ca}Ral\u00b7li Internacional de Cotxes d'\u00c8poca Barcelona - Sitges{:}{:es}Rally Internacional de Coches de \u00c9poca Barcelona - Sitges{:}{:en}International Vintage Car Rally Barcelona - Sitges{:}{:fr}Rallye international de voitures anciennes Barcelone - Sitges{:}{:it}Raduno internazionale di auto d'epoca Barcellona - Sitges{:}","description":"P\u00e1gina oficial","potentialAction":[{"@type":"SearchAction","target":{"@type":"EntryPoint","urlTemplate":"https:\/\/www.rallybarcelonasitges.com\/es\/?s={search_term_string}"},"query-input":{"@type":"PropertyValueSpecification","valueRequired":true,"valueName":"search_term_string"}}],"inLanguage":"es"}]}},"_links":{"self":[{"href":"https:\/\/www.rallybarcelonasitges.com\/es\/wp-json\/wp\/v2\/pages\/32","targetHints":{"allow":["GET"]}}],"collection":[{"href":"https:\/\/www.rallybarcelonasitges.com\/es\/wp-json\/wp\/v2\/pages"}],"about":[{"href":"https:\/\/www.rallybarcelonasitges.com\/es\/wp-json\/wp\/v2\/types\/page"}],"author":[{"embeddable":true,"href":"https:\/\/www.rallybarcelonasitges.com\/es\/wp-json\/wp\/v2\/users\/1"}],"replies":[{"embeddable":true,"href":"https:\/\/www.rallybarcelonasitges.com\/es\/wp-json\/wp\/v2\/comments?post=32"}],"version-history":[{"count":125,"href":"https:\/\/www.rallybarcelonasitges.com\/es\/wp-json\/wp\/v2\/pages\/32\/revisions"}],"predecessor-version":[{"id":16154,"href":"https:\/\/www.rallybarcelonasitges.com\/es\/wp-json\/wp\/v2\/pages\/32\/revisions\/16154"}],"wp:attachment":[{"href":"https:\/\/www.rallybarcelonasitges.com\/es\/wp-json\/wp\/v2\/media?parent=32"}],"curies":[{"name":"wp","href":"https:\/\/api.w.org\/{rel}","templated":true}]}}